[{"command":"settings","settings":{"basePath":"\/","pathPrefix":"","ajaxPageState":{"theme":"mkbh","theme_token":"pDoyHXJpzPbaTQWHLcPCn3vbt3NrJUwrkUikCcHcnWY","jquery_version":"2.1"},"args":["byens-rum-liv-seneste-more","2","rum"],"CToolsModal":{"loadingText":"Indl\u00e6ser...","closeText":"Luk vindue","closeImage":"\u003Cimg src=\u0022https:\/\/www.magasinetkbh.dk\/sites\/all\/modules\/contrib\/ctools\/images\/icon-close-window.png\u0022 alt=\u0022Luk vindue\u0022 title=\u0022Luk vindue\u0022 \/\u003E","throbber":"\u003Cimg src=\u0022https:\/\/www.magasinetkbh.dk\/sites\/all\/modules\/contrib\/ctools\/images\/throbber.gif\u0022 alt=\u0022Indl\u00e6ser\u0022 title=\u0022Indl\u00e6ser...\u0022 \/\u003E"},"ctools-nyhedsbrev-style":{"modalSize":{"type":"fixed","width":570,"height":410,"addWidth":20},"modalOptions":{"opacity":0.5,"background-color":"#000"},"animation":"nyhedsbrev","animationSpeed":"fast"},"ctools-skriver-style":{"modalSize":{"type":"fixed","width":570,"height":410,"addWidth":20},"modalOptions":{"opacity":0.5,"background-color":"#000"},"modalClass":"du-skriver","animation":"fadeIn","animationSpeed":"fast"},"visioner-popup-modal":{"modalSize":{"type":"scale","width":0.6,"height":0.55},"modalOptions":{"opacity":0.5,"background-color":"#000"},"modalClass":"visioner","animation":"fadeIn","animationSpeed":"fast"}},"merge":true},{"command":"remove","selector":".load-more"},{"command":"insert","method":"append","selector":".mkbh-block-byens-rum-seneste","data":"\n\u003Cdiv class=\u0022row \u0022\u003E\n    \u003Cdiv class=\u0022col col-md-12\u0022\u003E\n        \u003Cdiv class=\u0022row overflow-hidden\u0022\u003E\n                            \u003Cdiv class=\u0022col col-md-6 region-top-left border-right\u0022\u003E\n                        \u003Carticle\n        class=\u0022mkbh-node-article-display view-mode-large clearfix node-type-article node-sub-type-byens-rum \u0022\u003E\n        \u003Cdiv\n            class=\u0022node-inner clearfix \u0022 \u003E\n            \u003Cdiv class=\u0022node-image\u0022\u003E\n                \u003Ca href=\u0022\/indhold\/nu-starter-forvandlingen-hovedbanegarden\u0022\u003E\n    \u003Cdiv class=\u0022field-article-mi-image\u0022\u003E\n        \u003Cimg data-original-src=\u0022https:\/\/www.magasinetkbh.dk\/sites\/default\/files\/public\/field_article_mi_image\/hovedbanegaarden-1.jpg\u0022 src=\u0022https:\/\/www.magasinetkbh.dk\/sites\/default\/files\/public\/styles\/1300x860\/public\/field_article_mi_image\/hovedbanegaarden-1.jpg?itok=ko959u2L\u0022 width=\u00221300\u0022 height=\u0022860\u0022 alt=\u0022hovedbaneg\u00e5rden, Gottlieb Paludan, hal\u0022 \/\u003E    \u003C\/div\u003E\n\u003C\/a\u003E\n                            \u003C\/div\u003E\n\n            \u003Cdiv class=\u0022node-content\u0022\u003E\n                                    \u003Cdiv class=\u0022item-list\u0022\u003E\u003Cul class=\u0022node-breadcrumbs\u0022\u003E\u003Cli class=\u0022node-location first last\u0022\u003E\u003Ca href=\u0022\/bydel\/vesterbro\u0022\u003EVesterbro\u003C\/a\u003E\u003C\/li\u003E\n\u003C\/ul\u003E\u003C\/div\u003E                \n                \n                \u003Cdiv class=\u0022node-title\u0022\u003E\n                    \u003Ca href=\u0022\/indhold\/nu-starter-forvandlingen-hovedbanegarden\u0022 target=\u0022_self\u0022\u003E\u003Cspan class=\u0027title no-subtitle\u0027\u003ENu starter forvandlingen af Hovedbane\u0026shy;g\u00e5rden\u003C\/span\u003E\u003C\/a\u003E                \u003C\/div\u003E\n\n                \n                                    \u003Cdiv class=\u0022node-body\u0022\u003E\n                        Omfattende modernisering skal f\u00f8re Danmarks st\u00f8rste station n\u00e6rmere sit historiske udtryk.                    \u003C\/div\u003E\n                \n                            \u003C\/div\u003E\n        \u003C\/div\u003E\n    \u003C\/article\u003E\n                \u003C\/div\u003E\n            \n            \u003Cdiv class=\u0022col col-md-6 region-top-right\u0022\u003E\n\n                                    \u003Cdiv\n                        class=\u0022col col-md-6 region-top-medium-left border-right\u0022\u003E\n                            \u003Carticle\n        class=\u0022mkbh-node-article-display view-mode-medium orientation-vertical clearfix node-type-article node-sub-type-byens-rum \u0022\u003E\n        \u003Cdiv\n            class=\u0022node-inner clearfix \u0022 \u003E\n                            \u003Cdiv class=\u0022node-image\u0022\u003E\n                    \u003Ca href=\u0022\/indhold\/stor-hal-holmen-boliger-vaerkstedshallen\u0022\u003E\n    \u003Cdiv class=\u0022field-article-mi-image\u0022\u003E\n        \u003Cimg data-original-src=\u0022https:\/\/www.magasinetkbh.dk\/sites\/default\/files\/public\/field_article_mi_image\/arsenalet_visualisering_web-2.jpg\u0022 src=\u0022https:\/\/www.magasinetkbh.dk\/sites\/default\/files\/public\/styles\/1280x1000\/public\/field_article_mi_image\/arsenalet_visualisering_web-2.jpg?itok=xknCXE3v\u0022 width=\u00221280\u0022 height=\u00221000\u0022 alt=\u0022Arsenalet, Holmen, boliger\u0022 \/\u003E    \u003C\/div\u003E\n\u003C\/a\u003E\n                                    \u003C\/div\u003E\n            \n            \u003Cdiv class=\u0022node-content\u0022\u003E\n                                    \u003Cdiv class=\u0022item-list\u0022\u003E\u003Cul class=\u0022node-breadcrumbs\u0022\u003E\u003Cli class=\u0022node-location first last\u0022\u003E\u003Ca href=\u0022\/bydel\/christianshavn\u0022\u003EChristianshavn\u003C\/a\u003E\u003C\/li\u003E\n\u003C\/ul\u003E\u003C\/div\u003E                \n                \n                \u003Cdiv class=\u0022node-title\u0022\u003E\n                    \u003Ca href=\u0022\/indhold\/stor-hal-holmen-boliger-vaerkstedshallen\u0022 target=\u0022_self\u0022\u003E\u003Cspan class=\u0027title no-subtitle\u0027\u003EStor hal p\u00e5 Holmen laves om til boliger og butikker\u003C\/span\u003E\u003C\/a\u003E                \u003C\/div\u003E\n\n                \n                                    \u003Cdiv class=\u0022node-body\u0022\u003E\n                        Gamle milit\u00e6rbygninger p\u00e5 \u0027Arsenal\u00f8en\u0027 skal i stedet huse butik og caf\u00e9 \u2014 og f\u00e5r to nye etager boliger p\u00e5 sig.                     \u003C\/div\u003E\n                \n                            \u003C\/div\u003E\n\n                    \u003C\/div\u003E\n    \u003C\/article\u003E\n                    \u003C\/div\u003E\n                \n                \u003Cdiv class=\u0022col col-md-6 region-top-small-right\u0022\u003E\n                    \u003Cdiv class=\u0022col col-md-12 region-top-small-top\u0022\u003E\n                            \u003Carticle\n        class=\u0022mkbh-node-article-display view-mode-small clearfix node-type-article node-sub-type-byens-rum \u0022\u003E\n        \u003Cdiv\n            class=\u0022node-inner clearfix \u0022 \u003E\n            \n            \u003Cdiv class=\u0022node-content\u0022\u003E\n                                    \u003Cdiv class=\u0022item-list\u0022\u003E\u003Cul class=\u0022node-breadcrumbs\u0022\u003E\u003Cli class=\u0022node-location first last\u0022\u003E\u003Ca href=\u0022\/bydel\/indre\u0022\u003EIndre By\u003C\/a\u003E\u003C\/li\u003E\n\u003C\/ul\u003E\u003C\/div\u003E                \n                \n                \u003Cdiv class=\u0022node-title\u0022\u003E\n                    \u003Ca href=\u0022\/indhold\/laksegade-byrum-visualiseringer\u0022 target=\u0022_self\u0022\u003E\u003Cspan class=\u0027title no-subtitle\u0027\u003ETr\u00e6er, brosten og siddepladser skal hive folk til Laksegade\u003C\/span\u003E\u003C\/a\u003E                \u003C\/div\u003E\n\n                \n                \n                            \u003C\/div\u003E\n        \u003C\/div\u003E\n    \u003C\/article\u003E\n                    \u003C\/div\u003E\n                    \u003Cdiv class=\u0022col col-md-12 region-top-small-bottom\u0022\u003E\n                            \u003Carticle\n        class=\u0022mkbh-node-article-display view-mode-small clearfix node-type-article node-sub-type-byens-rum \u0022\u003E\n        \u003Cdiv\n            class=\u0022node-inner clearfix \u0022 \u003E\n            \n            \u003Cdiv class=\u0022node-content\u0022\u003E\n                                    \u003Cdiv class=\u0022item-list\u0022\u003E\u003Cul class=\u0022node-breadcrumbs\u0022\u003E\u003Cli class=\u0022node-location first last\u0022\u003E\u003Ca href=\u0022\/bydel\/norrebro\u0022\u003EN\u00f8rrebro\u003C\/a\u003E\u003C\/li\u003E\n\u003C\/ul\u003E\u003C\/div\u003E                \n                \n                \u003Cdiv class=\u0022node-title\u0022\u003E\n                    \u003Ca href=\u0022\/indhold\/har-planerne-nuuks-plads-aendret-sig-igen-igen\u0022 target=\u0022_self\u0022\u003E\u003Cspan class=\u0027title no-subtitle\u0027\u003EHar planerne for Nuuks Plads \u00e6ndret sig igen-igen?\u003C\/span\u003E\u003C\/a\u003E                \u003C\/div\u003E\n\n                \n                \n                            \u003C\/div\u003E\n        \u003C\/div\u003E\n    \u003C\/article\u003E\n                    \u003C\/div\u003E\n                \u003C\/div\u003E\n            \u003C\/div\u003E\n        \u003C\/div\u003E\n\n        \u003Cdiv class=\u0022row overflow-hidden\u0022\u003E\n            \u003Cdiv class=\u0022col col-md-12\u0022\u003E\n                                    \u003Cdiv class=\u0022row overflow-hidden randomized-rows\u0022\u003E\n                                                    \u003Cdiv\n                                class=\u0022col col-md-3\u0022\u003E    \u003Carticle\n        class=\u0022mkbh-node-article-display view-mode-small clearfix node-type-article node-sub-type-byens-rum \u0022\u003E\n        \u003Cdiv\n            class=\u0022node-inner clearfix \u0022 \u003E\n            \n            \u003Cdiv class=\u0022node-content\u0022\u003E\n                                    \u003Cdiv class=\u0022item-list\u0022\u003E\u003Cul class=\u0022node-breadcrumbs\u0022\u003E\u003Cli class=\u0022node-location first last\u0022\u003E\u003Ca href=\u0022\/bydel\/vesterbro\u0022\u003EVesterbro\u003C\/a\u003E\u003C\/li\u003E\n\u003C\/ul\u003E\u003C\/div\u003E                \n                \n                \u003Cdiv class=\u0022node-title\u0022\u003E\n                    \u003Ca href=\u0022\/indhold\/vesterbro-passage-lukket-biler-byrumsforsog\u0022 target=\u0022_self\u0022\u003E\u003Cspan class=\u0027title no-subtitle\u0027\u003ENu bliver Vesterbro Passage lukket for biler \u003C\/span\u003E\u003C\/a\u003E                \u003C\/div\u003E\n\n                \n                \n                            \u003C\/div\u003E\n        \u003C\/div\u003E\n    \u003C\/article\u003E\n\u003C\/div\u003E\n                                                    \u003Cdiv\n                                class=\u0022col col-md-6 wide-region\u0022\u003E    \u003Carticle\n        class=\u0022mkbh-node-article-display view-mode-medium orientation-horizontal clearfix node-type-article node-sub-type-byens-rum \u0022\u003E\n        \u003Cdiv\n            class=\u0022node-inner clearfix \u0022 \u003E\n                            \u003Cdiv class=\u0022node-image\u0022\u003E\n                    \u003Ca href=\u0022\/indhold\/nyt-palads-politisk-godkendt\u0022\u003E\n    \u003Cdiv class=\u0022field-article-mi-image\u0022\u003E\n        \u003Cimg data-original-src=\u0022https:\/\/www.magasinetkbh.dk\/sites\/default\/files\/public\/field_article_mi_image\/palads-3-fremtid.jpg\u0022 src=\u0022https:\/\/www.magasinetkbh.dk\/sites\/default\/files\/public\/styles\/1280x1000\/public\/field_article_mi_image\/palads-3-fremtid.jpg?itok=LSmojuCA\u0022 width=\u00221280\u0022 height=\u00221000\u0022 alt=\u0022palads cobe fem etager hotel\u0022 \/\u003E    \u003C\/div\u003E\n\u003C\/a\u003E\n                                    \u003C\/div\u003E\n            \n            \u003Cdiv class=\u0022node-content\u0022\u003E\n                                    \u003Cdiv class=\u0022item-list\u0022\u003E\u003Cul class=\u0022node-breadcrumbs\u0022\u003E\u003Cli class=\u0022node-location first last\u0022\u003E\u003Ca href=\u0022\/bydel\/indre\u0022\u003EIndre By\u003C\/a\u003E\u003C\/li\u003E\n\u003C\/ul\u003E\u003C\/div\u003E                \n                \n                \u003Cdiv class=\u0022node-title\u0022\u003E\n                    \u003Ca href=\u0022\/indhold\/nyt-palads-politisk-godkendt\u0022 target=\u0022_self\u0022\u003E\u003Cspan class=\u0027title no-subtitle\u0027\u003ENyt Palads er godkendt\u003C\/span\u003E\u003C\/a\u003E                \u003C\/div\u003E\n\n                \n                \n                            \u003C\/div\u003E\n\n                    \u003C\/div\u003E\n    \u003C\/article\u003E\n\u003C\/div\u003E\n                                                    \u003Cdiv\n                                class=\u0022col col-md-3\u0022\u003E    \u003Carticle\n        class=\u0022mkbh-node-article-display view-mode-small clearfix node-type-article node-sub-type-byens-rum \u0022\u003E\n        \u003Cdiv\n            class=\u0022node-inner clearfix \u0022 \u003E\n            \n            \u003Cdiv class=\u0022node-content\u0022\u003E\n                                    \u003Cdiv class=\u0022item-list\u0022\u003E\u003Cul class=\u0022node-breadcrumbs\u0022\u003E\u003Cli class=\u0022node-location first last\u0022\u003E\u003Ca href=\u0022\/bydel\/nordhavn\u0022\u003ENordhavn\u003C\/a\u003E\u003C\/li\u003E\n\u003C\/ul\u003E\u003C\/div\u003E                \n                \n                \u003Cdiv class=\u0022node-title\u0022\u003E\n                    \u003Ca href=\u0022\/indhold\/tunnelfabrikken-skal-loftes-helt-bogstaveligt\u0022 target=\u0022_self\u0022\u003E\u003Cspan class=\u0027title no-subtitle\u0027\u003ETunnelfabrikken skal l\u00f8ftes \u2014 helt bogstaveligt\u003C\/span\u003E\u003C\/a\u003E                \u003C\/div\u003E\n\n                \n                \n                            \u003C\/div\u003E\n        \u003C\/div\u003E\n    \u003C\/article\u003E\n\u003C\/div\u003E\n                                            \u003C\/div\u003E\n                                    \u003Cdiv class=\u0022row overflow-hidden randomized-rows\u0022\u003E\n                                                    \u003Cdiv\n                                class=\u0022col col-md-3\u0022\u003E    \u003Carticle\n        class=\u0022mkbh-node-article-display view-mode-small clearfix node-type-article node-sub-type-byens-rum \u0022\u003E\n        \u003Cdiv\n            class=\u0022node-inner clearfix \u0022 \u003E\n            \n            \u003Cdiv class=\u0022node-content\u0022\u003E\n                                    \u003Cdiv class=\u0022item-list\u0022\u003E\u003Cul class=\u0022node-breadcrumbs\u0022\u003E\u003Cli class=\u0022node-location first last\u0022\u003E\u003Ca href=\u0022\/bydel\/christianshavn\u0022\u003EChristianshavn\u003C\/a\u003E\u003C\/li\u003E\n\u003C\/ul\u003E\u003C\/div\u003E                \n                \n                \u003Cdiv class=\u0022node-title\u0022\u003E\n                    \u003Ca href=\u0022\/indhold\/torvegade-arbejde-i-gang-status-2026\u0022 target=\u0022_self\u0022\u003E\u003Cspan class=\u0027title no-subtitle\u0027\u003EEfter langt till\u00f8b er forvandling af Torvegade godt i gang\u003C\/span\u003E\u003C\/a\u003E                \u003C\/div\u003E\n\n                \n                \n                            \u003C\/div\u003E\n        \u003C\/div\u003E\n    \u003C\/article\u003E\n\u003C\/div\u003E\n                                                    \u003Cdiv\n                                class=\u0022col col-md-6 wide-region\u0022\u003E    \u003Carticle\n        class=\u0022mkbh-node-article-display view-mode-medium orientation-horizontal clearfix node-type-article node-sub-type-byens-rum \u0022\u003E\n        \u003Cdiv\n            class=\u0022node-inner clearfix \u0022 \u003E\n                            \u003Cdiv class=\u0022node-image\u0022\u003E\n                    \u003Ca href=\u0022\/indhold\/asfaltplads-ved-gefionspringvandet-pa-vej-mod-stor-forvandling\u0022\u003E\n    \u003Cdiv class=\u0022field-article-mi-image\u0022\u003E\n        \u003Cimg data-original-src=\u0022https:\/\/www.magasinetkbh.dk\/sites\/default\/files\/public\/field_article_mi_image\/churchill-princip.png\u0022 src=\u0022https:\/\/www.magasinetkbh.dk\/sites\/default\/files\/public\/styles\/1280x1000\/public\/field_article_mi_image\/churchill-princip.png?itok=mRDuP32w\u0022 width=\u00221280\u0022 height=\u00221000\u0022 alt=\u0022churchillparken plan\u0022 \/\u003E    \u003C\/div\u003E\n\u003C\/a\u003E\n                                    \u003C\/div\u003E\n            \n            \u003Cdiv class=\u0022node-content\u0022\u003E\n                                    \u003Cdiv class=\u0022item-list\u0022\u003E\u003Cul class=\u0022node-breadcrumbs\u0022\u003E\u003Cli class=\u0022node-location first last\u0022\u003E\u003Ca href=\u0022\/bydel\/indre\u0022\u003EIndre By\u003C\/a\u003E\u003C\/li\u003E\n\u003C\/ul\u003E\u003C\/div\u003E                \n                \n                \u003Cdiv class=\u0022node-title\u0022\u003E\n                    \u003Ca href=\u0022\/indhold\/asfaltplads-ved-gefionspringvandet-pa-vej-mod-stor-forvandling\u0022 target=\u0022_self\u0022\u003E\u003Cspan class=\u0027title no-subtitle\u0027\u003EAsfaltplads ved Gefion\u0026shy;springvandet p\u00e5 vej mod stor forvandling\u003C\/span\u003E\u003C\/a\u003E                \u003C\/div\u003E\n\n                \n                \n                            \u003C\/div\u003E\n\n                    \u003C\/div\u003E\n    \u003C\/article\u003E\n\u003C\/div\u003E\n                                                    \u003Cdiv\n                                class=\u0022col col-md-3\u0022\u003E    \u003Carticle\n        class=\u0022mkbh-node-article-display view-mode-small clearfix node-type-article node-sub-type-byens-rum \u0022\u003E\n        \u003Cdiv\n            class=\u0022node-inner clearfix \u0022 \u003E\n            \n            \u003Cdiv class=\u0022node-content\u0022\u003E\n                                    \u003Cdiv class=\u0022item-list\u0022\u003E\u003Cul class=\u0022node-breadcrumbs\u0022\u003E\u003Cli class=\u0022node-location first last\u0022\u003E\u003Ca href=\u0022\/bydel\/vesterbro\u0022\u003EVesterbro\u003C\/a\u003E\u003C\/li\u003E\n\u003C\/ul\u003E\u003C\/div\u003E                \n                \n                \u003Cdiv class=\u0022node-title\u0022\u003E\n                    \u003Ca href=\u0022\/indhold\/farveforbud-hotel-palads-lokalplan\u0022 target=\u0022_self\u0022\u003E\u003Cspan class=\u0027title no-subtitle\u0027\u003EFarveforbud skal \u0022t\u00e6mme\u0022 nyt hotelbyggeri p\u00e5 Palads\u003C\/span\u003E\u003C\/a\u003E                \u003C\/div\u003E\n\n                \n                \n                            \u003C\/div\u003E\n        \u003C\/div\u003E\n    \u003C\/article\u003E\n\u003C\/div\u003E\n                                            \u003C\/div\u003E\n                            \u003C\/div\u003E\n        \u003C\/div\u003E\n\n        \u003Cdiv class=\u0022row overflow-hidden\u0022\u003E\n            \u003Cdiv class=\u0022col col-md-12 load-more\u0022\u003E\n                \u003Ca href=\u0022\/byens-rum-liv-seneste-more\/3\/rum\u0022 class=\u0022use-ajax\u0022\u003Emere byens rum\u003C\/a\u003E            \u003C\/div\u003E\n        \u003C\/div\u003E\n    \u003C\/div\u003E\n\u003C\/div\u003E\n","settings":null}]